{"id":15270,"date":"2023-05-16T19:02:10","date_gmt":"2023-05-16T17:02:10","guid":{"rendered":"https:\/\/www.piper-germany.de\/aircrafts\/used\/"},"modified":"2024-04-25T14:57:45","modified_gmt":"2024-04-25T12:57:45","slug":"used","status":"publish","type":"page","link":"https:\/\/www.piper-germany.de\/en\/aircrafts\/used\/","title":{"rendered":"Used"},"content":{"rendered":"\t\t<div data-elementor-type=\"wp-page\" data-elementor-id=\"15270\" class=\"elementor elementor-15270 elementor-6919\">\n\t\t\t\t\t\t\t\t\t<section class=\"elementor-section elementor-top-section elementor-element elementor-element-46e7091 elementor-section-full_width elementor-section-height-min-height elementor-section-items-bottom elementor-section-height-default\" data-id=\"46e7091\" data-element_type=\"section\" data-settings=\"{&quot;background_background&quot;:&quot;classic&quot;}\">\n\t\t\t\t\t\t<div class=\"elementor-container elementor-column-gap-default\">\n\t\t\t\t\t<div class=\"elementor-column elementor-col-100 elementor-top-column elementor-element elementor-element-15c6251\" data-id=\"15c6251\" data-element_type=\"column\" data-settings=\"{&quot;background_background&quot;:&quot;gradient&quot;}\">\n\t\t\t<div class=\"elementor-widget-wrap elementor-element-populated\">\n\t\t\t\t\t\t\t\t<div class=\"elementor-element elementor-element-860075a elementor-widget elementor-widget-qi_addons_for_elementor_animated_text\" data-id=\"860075a\" data-element_type=\"widget\" data-widget_type=\"qi_addons_for_elementor_animated_text.default\">\n\t\t\t\t<div class=\"elementor-widget-container\">\n\t\t\t<div class=\"qodef-shortcode qodef-m  qodef-qi-animated-text qodef--animated-by-letter qodef--alignment-center qodef-qi--has-appear qodef--appear-from-bottom\" >\n\t\t<h1 class=\"qodef-m-title\">\n\t\t<span class=\"qodef-e-word-holder\">Pre-owned<\/span> <span class=\"qodef-e-word-holder\">Aircraft<\/span>\t<\/h1>\n<\/div>\n\t\t<\/div>\n\t\t\t\t<\/div>\n\t\t\t\t<div class=\"elementor-element elementor-element-7a74e3d elementor-widget-mobile__width-initial elementor-widget elementor-widget-heading\" data-id=\"7a74e3d\" data-element_type=\"widget\" data-widget_type=\"heading.default\">\n\t\t\t\t<div class=\"elementor-widget-container\">\n\t\t\t<style>\/*! elementor - v3.12.0 - 29-03-2023 *\/\n.elementor-heading-title{padding:0;margin:0;line-height:1}.elementor-widget-heading .elementor-heading-title[class*=elementor-size-]>a{color:inherit;font-size:inherit;line-height:inherit}.elementor-widget-heading .elementor-heading-title.elementor-size-small{font-size:15px}.elementor-widget-heading .elementor-heading-title.elementor-size-medium{font-size:19px}.elementor-widget-heading .elementor-heading-title.elementor-size-large{font-size:29px}.elementor-widget-heading .elementor-heading-title.elementor-size-xl{font-size:39px}.elementor-widget-heading .elementor-heading-title.elementor-size-xxl{font-size:59px}<\/style><h5 class=\"elementor-heading-title elementor-size-default\">We\u2019ll Find the Right Aircraft for You<\/h5>\t\t<\/div>\n\t\t\t\t<\/div>\n\t\t\t\t<div class=\"elementor-element elementor-element-f05acdc elementor-widget__width-auto elementor-view-default elementor-widget elementor-widget-icon\" data-id=\"f05acdc\" data-element_type=\"widget\" data-widget_type=\"icon.default\">\n\t\t\t\t<div class=\"elementor-widget-container\">\n\t\t\t\t\t<div class=\"elementor-icon-wrapper\">\n\t\t\t<a class=\"elementor-icon\" href=\"https:\/\/www.piper-germany.de\/en\/aircrafts\/\">\n\t\t\t<svg xmlns=\"http:\/\/www.w3.org\/2000\/svg\" width=\"100.949\" height=\"69.049\" viewBox=\"0 0 100.949 69.049\"><path d=\"M43.7,0,0,32.777v3.5L43.7,69.049l2.622-3.5L4.953,34.524,46.323,3.5Z\"><\/path><path d=\"M43.7,0,0,32.777v3.5L43.7,69.049l2.622-3.5L4.953,34.524,46.323,3.5Z\" transform=\"translate(54.627)\"><\/path><\/svg>\t\t\t<\/a>\n\t\t<\/div>\n\t\t\t\t<\/div>\n\t\t\t\t<\/div>\n\t\t\t\t\t<\/div>\n\t\t<\/div>\n\t\t\t\t\t\t\t<\/div>\n\t\t<\/section>\n\t\t\t\t<section class=\"elementor-section elementor-top-section elementor-element elementor-element-2535969 elementor-section-boxed elementor-section-height-default elementor-section-height-default\" data-id=\"2535969\" data-element_type=\"section\">\n\t\t\t\t\t\t<div class=\"elementor-container elementor-column-gap-default\">\n\t\t\t\t\t<div class=\"elementor-column elementor-col-100 elementor-top-column elementor-element elementor-element-5f3d7f0\" data-id=\"5f3d7f0\" data-element_type=\"column\">\n\t\t\t<div class=\"elementor-widget-wrap elementor-element-populated\">\n\t\t\t\t\t\t\t\t<div class=\"elementor-element elementor-element-07f7a7c elementor-widget elementor-widget-text-editor\" data-id=\"07f7a7c\" data-element_type=\"widget\" data-widget_type=\"text-editor.default\">\n\t\t\t\t<div class=\"elementor-widget-container\">\n\t\t\t<style>\/*! elementor - v3.12.0 - 29-03-2023 *\/\n.elementor-widget-text-editor.elementor-drop-cap-view-stacked .elementor-drop-cap{background-color:#69727d;color:#fff}.elementor-widget-text-editor.elementor-drop-cap-view-framed .elementor-drop-cap{color:#69727d;border:3px solid;background-color:transparent}.elementor-widget-text-editor:not(.elementor-drop-cap-view-default) .elementor-drop-cap{margin-top:8px}.elementor-widget-text-editor:not(.elementor-drop-cap-view-default) .elementor-drop-cap-letter{width:1em;height:1em}.elementor-widget-text-editor .elementor-drop-cap{float:left;text-align:center;line-height:1;font-size:50px}.elementor-widget-text-editor .elementor-drop-cap-letter{display:inline-block}<\/style>\t\t\t\t<p>As brokers for pre-owned aircraft, we have access to a wide selection of brands and models. Whether for personal or commercial use, whether it&#8217;s an ultralight aircraft or a business jet &#8211; we&#8217;ll find the perfect aircraft to meet your needs.<\/p>\n<p>If the desired aircraft is not currently in our inventory, we can still assist you. Many aircraft are privately brokered before being publicly listed for sale. Many aircraft are privately brokered before being publicly listed for sale. Within our extensive network, we&#8217;ll locate the aircraft you desire and facilitate the transaction.<\/p>\n\t\t\t\t\t\t<\/div>\n\t\t\t\t<\/div>\n\t\t\t\t<div class=\"elementor-element elementor-element-44eb504 elementor-widget elementor-widget-heading\" data-id=\"44eb504\" data-element_type=\"widget\" data-widget_type=\"heading.default\">\n\t\t\t\t<div class=\"elementor-widget-container\">\n\t\t\t<h6 class=\"elementor-heading-title elementor-size-default\">Already own an aircraft and want to know its current\nmarket value? We'd be happy to provide you with a professional evaluation, free of\ncharge.<\/h6>\t\t<\/div>\n\t\t\t\t<\/div>\n\t\t\t\t\t<\/div>\n\t\t<\/div>\n\t\t\t\t\t\t\t<\/div>\n\t\t<\/section>\n\t\t\t\t<section class=\"elementor-section elementor-top-section elementor-element elementor-element-8cc40bc elementor-section-boxed elementor-section-height-default elementor-section-height-default\" data-id=\"8cc40bc\" data-element_type=\"section\">\n\t\t\t\t\t\t<div class=\"elementor-container elementor-column-gap-default\">\n\t\t\t\t\t<div class=\"elementor-column elementor-col-100 elementor-top-column elementor-element elementor-element-97169d1\" data-id=\"97169d1\" data-element_type=\"column\">\n\t\t\t<div class=\"elementor-widget-wrap elementor-element-populated\">\n\t\t\t\t\t\t\t\t<div class=\"elementor-element elementor-element-ce9f4f0 premium-blog-align-left elementor-widget elementor-widget-premium-addon-blog\" data-id=\"ce9f4f0\" data-element_type=\"widget\" data-settings=\"{&quot;premium_blog_infinite_scroll&quot;:&quot;yes&quot;,&quot;premium_blog_columns_number_tablet&quot;:&quot;100%&quot;,&quot;premium_blog_grid&quot;:&quot;yes&quot;,&quot;premium_blog_layout&quot;:&quot;even&quot;,&quot;premium_blog_columns_number&quot;:&quot;50%&quot;,&quot;premium_blog_columns_number_mobile&quot;:&quot;100%&quot;}\" data-widget_type=\"premium-addon-blog.default\">\n\t\t\t\t<div class=\"elementor-widget-container\">\n\t\t\t\r\n\t\t\t\t<div class=\"premium-blog-wrap  premium-blog-even\" data-page=\"15270\">\r\n\t\t\t\t\t<div class=\"premium-blog-post-outer-container\" data-total=\"1\">\n\t\t\t<div class=\"premium-blog-post-container premium-blog-skin-cards\">\n\t\t\t\t\t\t\t\t\t<div class=\"premium-blog-thumb-effect-wrapper\">\n\t\t\t\t\t\t<div class=\"premium-blog-thumbnail-container premium-blog-none-effect\">\n\t\t\t\t\t\t\t\t\t\t<a href=\"https:\/\/www.piper-germany.de\/en\/aircraft\/pre-owned\/piper-seneca-v-2013\/\" target=\"_self\">\n\t\t\t<img decoding=\"async\" width=\"1024\" height=\"434\" src=\"https:\/\/www.piper-germany.de\/wp-content\/uploads\/2026\/04\/Icon_D-IIPN.png\" class=\"attachment-full size-full wp-image-21139\" alt=\"\" loading=\"lazy\" srcset=\"https:\/\/www.piper-germany.de\/wp-content\/uploads\/2026\/04\/Icon_D-IIPN.png 1024w, https:\/\/www.piper-germany.de\/wp-content\/uploads\/2026\/04\/Icon_D-IIPN-300x127.png 300w, https:\/\/www.piper-germany.de\/wp-content\/uploads\/2026\/04\/Icon_D-IIPN-768x326.png 768w\" sizes=\"(max-width: 1024px) 100vw, 1024px\" \/>\t\t\t<\/a>\n\t\t\t\t\t\t\t\t\t<\/div>\n\t\t\t\t\t\t\t\t\t\t\t\t\t<div class=\"premium-blog-effect-container premium-blog-framed-effect\">\n\t\t\t\t\t\t\t\t<a class=\"premium-blog-post-link\" href=\"https:\/\/www.piper-germany.de\/en\/aircraft\/pre-owned\/piper-seneca-v-2013\/\" target=\"_self\"><span>Piper Seneca V (2013)<\/span><\/a>\n\t\t\t\t\t\t\t\t\t\t\t\t\t\t\t<\/div>\n\t\t\t\t\t\t\t\t\t\t\t<\/div>\n\t\t\t\t\t\t\t\t\t\t\t\t\t\t\t\t\t\t\t\t\t<div class=\"premium-blog-content-wrapper \">\n\n\t\t\t\t\t<div class=\"premium-blog-inner-container\">\n\n\t\t\t\t\t\t\t\t\t\t\t\t\t\t<h2 class=\"premium-blog-entry-title\">\n\t\t\t<a href=\"https:\/\/www.piper-germany.de\/en\/aircraft\/pre-owned\/piper-seneca-v-2013\/\" target=\"_self\">\n\t\t\t\tPiper Seneca V (2013)\t\t\t<\/a>\n\t\t<\/h2>\n\t\t\n\t\t\t\t\t<\/div>\n\n\t\t\t\t\t<p class=\"premium-blog-post-content\">Available immediately for USD 785.000,00<\/p>\t\t<div class=\"premium-blog-entry-meta\">\n\t\t\t\n\t\t\t\n\t\t\t\n\t\t\t\t\t<\/div>\n\t\t\t\t\t\t\t\n\t\t\t\t<\/div>\n\t\t\t<\/div>\n\t\t<\/div>\n\n\t\t\t\t<div class=\"premium-blog-post-outer-container\" data-total=\"1\">\n\t\t\t<div class=\"premium-blog-post-container premium-blog-skin-cards\">\n\t\t\t\t\t\t\t\t\t<div class=\"premium-blog-thumb-effect-wrapper\">\n\t\t\t\t\t\t<div class=\"premium-blog-thumbnail-container premium-blog-none-effect\">\n\t\t\t\t\t\t\t\t\t\t<a href=\"https:\/\/www.piper-germany.de\/en\/aircraft\/pre-owned\/piper-mirage-2014\/\" target=\"_self\">\n\t\t\t<img decoding=\"async\" width=\"1024\" height=\"434\" src=\"https:\/\/www.piper-germany.de\/wp-content\/uploads\/2026\/04\/Icon_F-HDPV.png\" class=\"attachment-full size-full wp-image-20923\" alt=\"\" loading=\"lazy\" srcset=\"https:\/\/www.piper-germany.de\/wp-content\/uploads\/2026\/04\/Icon_F-HDPV.png 1024w, https:\/\/www.piper-germany.de\/wp-content\/uploads\/2026\/04\/Icon_F-HDPV-300x127.png 300w, https:\/\/www.piper-germany.de\/wp-content\/uploads\/2026\/04\/Icon_F-HDPV-768x326.png 768w\" sizes=\"(max-width: 1024px) 100vw, 1024px\" \/>\t\t\t<\/a>\n\t\t\t\t\t\t\t\t\t<\/div>\n\t\t\t\t\t\t\t\t\t\t\t\t\t<div class=\"premium-blog-effect-container premium-blog-framed-effect\">\n\t\t\t\t\t\t\t\t<a class=\"premium-blog-post-link\" href=\"https:\/\/www.piper-germany.de\/en\/aircraft\/pre-owned\/piper-mirage-2014\/\" target=\"_self\"><span>Piper Mirage (2014)<\/span><\/a>\n\t\t\t\t\t\t\t\t\t\t\t\t\t\t\t<\/div>\n\t\t\t\t\t\t\t\t\t\t\t<\/div>\n\t\t\t\t\t\t\t\t\t\t\t\t\t\t\t\t\t\t\t\t\t<div class=\"premium-blog-content-wrapper \">\n\n\t\t\t\t\t<div class=\"premium-blog-inner-container\">\n\n\t\t\t\t\t\t\t\t\t\t\t\t\t\t<h2 class=\"premium-blog-entry-title\">\n\t\t\t<a href=\"https:\/\/www.piper-germany.de\/en\/aircraft\/pre-owned\/piper-mirage-2014\/\" target=\"_self\">\n\t\t\t\tPiper Mirage (2014)\t\t\t<\/a>\n\t\t<\/h2>\n\t\t\n\t\t\t\t\t<\/div>\n\n\t\t\t\t\t<p class=\"premium-blog-post-content\">Available immediately for USD 849.000 plus VAT VAT<\/p>\t\t<div class=\"premium-blog-entry-meta\">\n\t\t\t\n\t\t\t\n\t\t\t\n\t\t\t\t\t<\/div>\n\t\t\t\t\t\t\t\n\t\t\t\t<\/div>\n\t\t\t<\/div>\n\t\t<\/div>\n\n\t\t\t\t<div class=\"premium-blog-post-outer-container\" data-total=\"1\">\n\t\t\t<div class=\"premium-blog-post-container premium-blog-skin-cards\">\n\t\t\t\t\t\t\t\t\t<div class=\"premium-blog-thumb-effect-wrapper\">\n\t\t\t\t\t\t<div class=\"premium-blog-thumbnail-container premium-blog-none-effect\">\n\t\t\t\t\t\t\t\t\t\t<a href=\"https:\/\/www.piper-germany.de\/en\/aircraft\/pre-owned\/diamond-da50-rg-2022\/\" target=\"_self\">\n\t\t\t<img decoding=\"async\" width=\"1024\" height=\"434\" src=\"https:\/\/www.piper-germany.de\/wp-content\/uploads\/2026\/02\/Icon_D-EMVH.png\" class=\"attachment-full size-full wp-image-20634\" alt=\"\" loading=\"lazy\" srcset=\"https:\/\/www.piper-germany.de\/wp-content\/uploads\/2026\/02\/Icon_D-EMVH.png 1024w, https:\/\/www.piper-germany.de\/wp-content\/uploads\/2026\/02\/Icon_D-EMVH-300x127.png 300w, https:\/\/www.piper-germany.de\/wp-content\/uploads\/2026\/02\/Icon_D-EMVH-768x326.png 768w\" sizes=\"(max-width: 1024px) 100vw, 1024px\" \/>\t\t\t<\/a>\n\t\t\t\t\t\t\t\t\t<\/div>\n\t\t\t\t\t\t\t\t\t\t\t\t\t<div class=\"premium-blog-effect-container premium-blog-framed-effect\">\n\t\t\t\t\t\t\t\t<a class=\"premium-blog-post-link\" href=\"https:\/\/www.piper-germany.de\/en\/aircraft\/pre-owned\/diamond-da50-rg-2022\/\" target=\"_self\"><span>Diamond DA50 RG (2022)<\/span><\/a>\n\t\t\t\t\t\t\t\t\t\t\t\t\t\t\t<\/div>\n\t\t\t\t\t\t\t\t\t\t\t<\/div>\n\t\t\t\t\t\t\t\t\t\t\t\t\t\t\t\t\t\t\t\t\t<div class=\"premium-blog-content-wrapper \">\n\n\t\t\t\t\t<div class=\"premium-blog-inner-container\">\n\n\t\t\t\t\t\t\t\t\t\t\t\t\t\t<h2 class=\"premium-blog-entry-title\">\n\t\t\t<a href=\"https:\/\/www.piper-germany.de\/en\/aircraft\/pre-owned\/diamond-da50-rg-2022\/\" target=\"_self\">\n\t\t\t\tDiamond DA50 RG (2022)\t\t\t<\/a>\n\t\t<\/h2>\n\t\t\n\t\t\t\t\t<\/div>\n\n\t\t\t\t\t<p class=\"premium-blog-post-content\">Available immediately for 945.000 EUR plus VAT<\/p>\t\t<div class=\"premium-blog-entry-meta\">\n\t\t\t\n\t\t\t\n\t\t\t\n\t\t\t\t\t<\/div>\n\t\t\t\t\t\t\t\n\t\t\t\t<\/div>\n\t\t\t<\/div>\n\t\t<\/div>\n\n\t\t\t\t<div class=\"premium-blog-post-outer-container\" data-total=\"1\">\n\t\t\t<div class=\"premium-blog-post-container premium-blog-skin-cards\">\n\t\t\t\t\t\t\t\t\t<div class=\"premium-blog-thumb-effect-wrapper\">\n\t\t\t\t\t\t<div class=\"premium-blog-thumbnail-container premium-blog-none-effect\">\n\t\t\t\t\t\t\t\t\t\t<a href=\"https:\/\/www.piper-germany.de\/en\/aircraft\/pre-owned\/piper-mirage-2012-3\/\" target=\"_self\">\n\t\t\t<img decoding=\"async\" width=\"1024\" height=\"434\" src=\"https:\/\/www.piper-germany.de\/wp-content\/uploads\/2025\/12\/Icon_D-ETAO.png\" class=\"attachment-full size-full wp-image-20573\" alt=\"Piper Mirage PA-46 einmotoriges Propellerflugzeug mit Fahrwerk in Seitenansicht\" loading=\"lazy\" srcset=\"https:\/\/www.piper-germany.de\/wp-content\/uploads\/2025\/12\/Icon_D-ETAO.png 1024w, https:\/\/www.piper-germany.de\/wp-content\/uploads\/2025\/12\/Icon_D-ETAO-300x127.png 300w, https:\/\/www.piper-germany.de\/wp-content\/uploads\/2025\/12\/Icon_D-ETAO-768x326.png 768w\" sizes=\"(max-width: 1024px) 100vw, 1024px\" \/>\t\t\t<\/a>\n\t\t\t\t\t\t\t\t\t<\/div>\n\t\t\t\t\t\t\t\t\t\t\t\t\t<div class=\"premium-blog-effect-container premium-blog-framed-effect\">\n\t\t\t\t\t\t\t\t<a class=\"premium-blog-post-link\" href=\"https:\/\/www.piper-germany.de\/en\/aircraft\/pre-owned\/piper-mirage-2012-3\/\" target=\"_self\"><span>Piper Mirage (2012)<\/span><\/a>\n\t\t\t\t\t\t\t\t\t\t\t\t\t\t\t<\/div>\n\t\t\t\t\t\t\t\t\t\t\t<\/div>\n\t\t\t\t\t\t\t\t\t\t\t\t\t\t\t\t\t\t\t\t\t<div class=\"premium-blog-content-wrapper \">\n\n\t\t\t\t\t<div class=\"premium-blog-inner-container\">\n\n\t\t\t\t\t\t\t\t\t\t\t\t\t\t<h2 class=\"premium-blog-entry-title\">\n\t\t\t<a href=\"https:\/\/www.piper-germany.de\/en\/aircraft\/pre-owned\/piper-mirage-2012-3\/\" target=\"_self\">\n\t\t\t\tPiper Mirage (2012)\t\t\t<\/a>\n\t\t<\/h2>\n\t\t\n\t\t\t\t\t<\/div>\n\n\t\t\t\t\t<p class=\"premium-blog-post-content\">Reduced Price - Available immediately for USD 830.000<\/p>\t\t<div class=\"premium-blog-entry-meta\">\n\t\t\t\n\t\t\t\n\t\t\t\n\t\t\t\t\t<\/div>\n\t\t\t\t\t\t\t\n\t\t\t\t<\/div>\n\t\t\t<\/div>\n\t\t<\/div>\n\n\t\t\t\t<div class=\"premium-blog-post-outer-container\" data-total=\"1\">\n\t\t\t<div class=\"premium-blog-post-container premium-blog-skin-cards\">\n\t\t\t\t\t\t\t\t\t<div class=\"premium-blog-thumb-effect-wrapper\">\n\t\t\t\t\t\t<div class=\"premium-blog-thumbnail-container premium-blog-none-effect\">\n\t\t\t\t\t\t\t\t\t\t<a href=\"https:\/\/www.piper-germany.de\/en\/aircraft\/pre-owned\/cirrus-sr22t-g3\/\" target=\"_self\">\n\t\t\t<img decoding=\"async\" width=\"1024\" height=\"434\" src=\"https:\/\/www.piper-germany.de\/wp-content\/uploads\/2025\/12\/Icon_HB-KLL_2.png\" class=\"attachment-full size-full wp-image-20569\" alt=\"Cirrus SR22T einmotoriges Propellerflugzeug mit ge\u00f6ffneten Fl\u00fcgelt\u00fcren\" loading=\"lazy\" srcset=\"https:\/\/www.piper-germany.de\/wp-content\/uploads\/2025\/12\/Icon_HB-KLL_2.png 1024w, https:\/\/www.piper-germany.de\/wp-content\/uploads\/2025\/12\/Icon_HB-KLL_2-300x127.png 300w, https:\/\/www.piper-germany.de\/wp-content\/uploads\/2025\/12\/Icon_HB-KLL_2-768x326.png 768w\" sizes=\"(max-width: 1024px) 100vw, 1024px\" \/>\t\t\t<\/a>\n\t\t\t\t\t\t\t\t\t<\/div>\n\t\t\t\t\t\t\t\t\t\t\t\t\t<div class=\"premium-blog-effect-container premium-blog-framed-effect\">\n\t\t\t\t\t\t\t\t<a class=\"premium-blog-post-link\" href=\"https:\/\/www.piper-germany.de\/en\/aircraft\/pre-owned\/cirrus-sr22t-g3\/\" target=\"_self\"><span>Cirrus SR22T G3<\/span><\/a>\n\t\t\t\t\t\t\t\t\t\t\t\t\t\t\t<\/div>\n\t\t\t\t\t\t\t\t\t\t\t<\/div>\n\t\t\t\t\t\t\t\t\t\t\t\t\t\t\t\t\t\t\t\t\t<div class=\"premium-blog-content-wrapper \">\n\n\t\t\t\t\t<div class=\"premium-blog-inner-container\">\n\n\t\t\t\t\t\t\t\t\t\t\t\t\t\t<h2 class=\"premium-blog-entry-title\">\n\t\t\t<a href=\"https:\/\/www.piper-germany.de\/en\/aircraft\/pre-owned\/cirrus-sr22t-g3\/\" target=\"_self\">\n\t\t\t\tCirrus SR22T G3\t\t\t<\/a>\n\t\t<\/h2>\n\t\t\n\t\t\t\t\t<\/div>\n\n\t\t\t\t\t<p class=\"premium-blog-post-content\">Available immediately 495.000 EUR<\/p>\t\t<div class=\"premium-blog-entry-meta\">\n\t\t\t\n\t\t\t\n\t\t\t\n\t\t\t\t\t<\/div>\n\t\t\t\t\t\t\t\n\t\t\t\t<\/div>\n\t\t\t<\/div>\n\t\t<\/div>\n\n\t\t\t\t<div class=\"premium-blog-post-outer-container\" data-total=\"1\">\n\t\t\t<div class=\"premium-blog-post-container premium-blog-skin-cards\">\n\t\t\t\t\t\t\t\t\t<div class=\"premium-blog-thumb-effect-wrapper\">\n\t\t\t\t\t\t<div class=\"premium-blog-thumbnail-container premium-blog-none-effect\">\n\t\t\t\t\t\t\t\t\t\t<a href=\"https:\/\/www.piper-germany.de\/en\/aircraft\/pre-owned\/piper-saratoga-ii-tc\/\" target=\"_self\">\n\t\t\t<img decoding=\"async\" width=\"1024\" height=\"434\" src=\"https:\/\/www.piper-germany.de\/wp-content\/uploads\/2025\/11\/Icon_D-EILC_2.png\" class=\"attachment-full size-full wp-image-20565\" alt=\"Piper Saratoga II TC einmotoriges Propellerflugzeug in Seitenansicht\" loading=\"lazy\" srcset=\"https:\/\/www.piper-germany.de\/wp-content\/uploads\/2025\/11\/Icon_D-EILC_2.png 1024w, https:\/\/www.piper-germany.de\/wp-content\/uploads\/2025\/11\/Icon_D-EILC_2-300x127.png 300w, https:\/\/www.piper-germany.de\/wp-content\/uploads\/2025\/11\/Icon_D-EILC_2-768x326.png 768w\" sizes=\"(max-width: 1024px) 100vw, 1024px\" \/>\t\t\t<\/a>\n\t\t\t\t\t\t\t\t\t<\/div>\n\t\t\t\t\t\t\t\t\t\t\t\t\t<div class=\"premium-blog-effect-container premium-blog-framed-effect\">\n\t\t\t\t\t\t\t\t<a class=\"premium-blog-post-link\" href=\"https:\/\/www.piper-germany.de\/en\/aircraft\/pre-owned\/piper-saratoga-ii-tc\/\" target=\"_self\"><span>Piper Saratoga II TC<\/span><\/a>\n\t\t\t\t\t\t\t\t\t\t\t\t\t\t\t<\/div>\n\t\t\t\t\t\t\t\t\t\t\t<\/div>\n\t\t\t\t\t\t\t\t\t\t\t\t\t\t\t\t\t\t\t\t\t<div class=\"premium-blog-content-wrapper \">\n\n\t\t\t\t\t<div class=\"premium-blog-inner-container\">\n\n\t\t\t\t\t\t\t\t\t\t\t\t\t\t<h2 class=\"premium-blog-entry-title\">\n\t\t\t<a href=\"https:\/\/www.piper-germany.de\/en\/aircraft\/pre-owned\/piper-saratoga-ii-tc\/\" target=\"_self\">\n\t\t\t\tPiper Saratoga II TC\t\t\t<\/a>\n\t\t<\/h2>\n\t\t\n\t\t\t\t\t<\/div>\n\n\t\t\t\t\t<p class=\"premium-blog-post-content\">Available immediately for 489.000 EUR<\/p>\t\t<div class=\"premium-blog-entry-meta\">\n\t\t\t\n\t\t\t\n\t\t\t\n\t\t\t\t\t<\/div>\n\t\t\t\t\t\t\t\n\t\t\t\t<\/div>\n\t\t\t<\/div>\n\t\t<\/div>\n\n\t\t\t\t<div class=\"premium-blog-post-outer-container\" data-total=\"1\">\n\t\t\t<div class=\"premium-blog-post-container premium-blog-skin-cards\">\n\t\t\t\t\t\t\t\t\t<div class=\"premium-blog-thumb-effect-wrapper\">\n\t\t\t\t\t\t<div class=\"premium-blog-thumbnail-container premium-blog-none-effect\">\n\t\t\t\t\t\t\t\t\t\t<a href=\"https:\/\/www.piper-germany.de\/en\/aircraft\/pre-owned\/piper-m350-2022\/\" target=\"_self\">\n\t\t\t<img decoding=\"async\" width=\"1024\" height=\"434\" src=\"https:\/\/www.piper-germany.de\/wp-content\/uploads\/2025\/11\/Icon_ELKD_2.png\" class=\"attachment-full size-full wp-image-20552\" alt=\"Piper Mirage PA-46 einmotoriges Propellerflugzeug mit Fahrwerk in Seitenansicht\" loading=\"lazy\" srcset=\"https:\/\/www.piper-germany.de\/wp-content\/uploads\/2025\/11\/Icon_ELKD_2.png 1024w, https:\/\/www.piper-germany.de\/wp-content\/uploads\/2025\/11\/Icon_ELKD_2-300x127.png 300w, https:\/\/www.piper-germany.de\/wp-content\/uploads\/2025\/11\/Icon_ELKD_2-768x326.png 768w\" sizes=\"(max-width: 1024px) 100vw, 1024px\" \/>\t\t\t<\/a>\n\t\t\t\t\t\t\t\t\t<\/div>\n\t\t\t\t\t\t\t\t\t\t\t\t\t<div class=\"premium-blog-effect-container premium-blog-framed-effect\">\n\t\t\t\t\t\t\t\t<a class=\"premium-blog-post-link\" href=\"https:\/\/www.piper-germany.de\/en\/aircraft\/pre-owned\/piper-m350-2022\/\" target=\"_self\"><span>Piper M350 2022<\/span><\/a>\n\t\t\t\t\t\t\t\t\t\t\t\t\t\t\t<\/div>\n\t\t\t\t\t\t\t\t\t\t\t<\/div>\n\t\t\t\t\t\t\t\t\t\t\t\t\t\t\t\t\t\t\t\t\t<div class=\"premium-blog-content-wrapper \">\n\n\t\t\t\t\t<div class=\"premium-blog-inner-container\">\n\n\t\t\t\t\t\t\t\t\t\t\t\t\t\t<h2 class=\"premium-blog-entry-title\">\n\t\t\t<a href=\"https:\/\/www.piper-germany.de\/en\/aircraft\/pre-owned\/piper-m350-2022\/\" target=\"_self\">\n\t\t\t\tPiper M350 2022\t\t\t<\/a>\n\t\t<\/h2>\n\t\t\n\t\t\t\t\t<\/div>\n\n\t\t\t\t\t<p class=\"premium-blog-post-content\">Available immediately for USD 1.550.000,00$ plus VAT<\/p>\t\t<div class=\"premium-blog-entry-meta\">\n\t\t\t\n\t\t\t\n\t\t\t\n\t\t\t\t\t<\/div>\n\t\t\t\t\t\t\t\n\t\t\t\t<\/div>\n\t\t\t<\/div>\n\t\t<\/div>\n\n\t\t\t\t<div class=\"premium-blog-post-outer-container\" data-total=\"1\">\n\t\t\t<div class=\"premium-blog-post-container premium-blog-skin-cards\">\n\t\t\t\t\t\t\t\t\t<div class=\"premium-blog-thumb-effect-wrapper\">\n\t\t\t\t\t\t<div class=\"premium-blog-thumbnail-container premium-blog-none-effect\">\n\t\t\t\t\t\t\t\t\t\t<a href=\"https:\/\/www.piper-germany.de\/en\/aircraft\/pre-owned\/tecnam-p2010-tdi-gran-lusso\/\" target=\"_self\">\n\t\t\t<img decoding=\"async\" width=\"1024\" height=\"434\" src=\"https:\/\/www.piper-germany.de\/wp-content\/uploads\/2025\/09\/Icon_HB-KAR.png\" class=\"attachment-full size-full wp-image-18829\" alt=\"Tecnam P2010 TDI Gran Lusso for Sale\" loading=\"lazy\" srcset=\"https:\/\/www.piper-germany.de\/wp-content\/uploads\/2025\/09\/Icon_HB-KAR.png 1024w, https:\/\/www.piper-germany.de\/wp-content\/uploads\/2025\/09\/Icon_HB-KAR-300x127.png 300w, https:\/\/www.piper-germany.de\/wp-content\/uploads\/2025\/09\/Icon_HB-KAR-768x326.png 768w\" sizes=\"(max-width: 1024px) 100vw, 1024px\" \/>\t\t\t<\/a>\n\t\t\t\t\t\t\t\t\t<\/div>\n\t\t\t\t\t\t\t\t\t\t\t\t\t<div class=\"premium-blog-effect-container premium-blog-framed-effect\">\n\t\t\t\t\t\t\t\t<a class=\"premium-blog-post-link\" href=\"https:\/\/www.piper-germany.de\/en\/aircraft\/pre-owned\/tecnam-p2010-tdi-gran-lusso\/\" target=\"_self\"><span>Tecnam P2010 TDI Gran Lusso<\/span><\/a>\n\t\t\t\t\t\t\t\t\t\t\t\t\t\t\t<\/div>\n\t\t\t\t\t\t\t\t\t\t\t<\/div>\n\t\t\t\t\t\t\t\t\t\t\t\t\t\t\t\t\t\t\t\t\t<div class=\"premium-blog-content-wrapper \">\n\n\t\t\t\t\t<div class=\"premium-blog-inner-container\">\n\n\t\t\t\t\t\t\t\t\t\t\t\t\t\t<h2 class=\"premium-blog-entry-title\">\n\t\t\t<a href=\"https:\/\/www.piper-germany.de\/en\/aircraft\/pre-owned\/tecnam-p2010-tdi-gran-lusso\/\" target=\"_self\">\n\t\t\t\tTecnam P2010 TDI Gran Lusso\t\t\t<\/a>\n\t\t<\/h2>\n\t\t\n\t\t\t\t\t<\/div>\n\n\t\t\t\t\t<p class=\"premium-blog-post-content\">Available immediately for \u20ac480,000.00 plus VAT<\/p>\t\t<div class=\"premium-blog-entry-meta\">\n\t\t\t\n\t\t\t\n\t\t\t\n\t\t\t\t\t<\/div>\n\t\t\t\t\t\t\t\n\t\t\t\t<\/div>\n\t\t\t<\/div>\n\t\t<\/div>\n\n\t\t\t\t<\/div>\r\n\r\n\t\t\t\t<\/div>\n\t\t\t\t<\/div>\n\t\t\t\t\t<\/div>\n\t\t<\/div>\n\t\t\t\t\t\t\t<\/div>\n\t\t<\/section>\n\t\t\t\t\t\t\t<\/div>\n\t\t","protected":false},"excerpt":{"rendered":"<p>Pre-owned Aircraft We\u2019ll Find the Right Aircraft for You As brokers for pre-owned aircraft, we have access to a wide selection of brands and models. Whether for personal or commercial use, whether it&#8217;s an ultralight aircraft or a business jet &#8211; we&#8217;ll find the perfect aircraft to meet your needs. If the desired aircraft is [&hellip;]<\/p>\n","protected":false},"author":1,"featured_media":0,"parent":14646,"menu_order":0,"comment_status":"closed","ping_status":"closed","template":"elementor_header_footer","meta":{"_links_to":"","_links_to_target":""},"_links":{"self":[{"href":"https:\/\/www.piper-germany.de\/en\/wp-json\/wp\/v2\/pages\/15270"}],"collection":[{"href":"https:\/\/www.piper-germany.de\/en\/wp-json\/wp\/v2\/pages"}],"about":[{"href":"https:\/\/www.piper-germany.de\/en\/wp-json\/wp\/v2\/types\/page"}],"author":[{"embeddable":true,"href":"https:\/\/www.piper-germany.de\/en\/wp-json\/wp\/v2\/users\/1"}],"replies":[{"embeddable":true,"href":"https:\/\/www.piper-germany.de\/en\/wp-json\/wp\/v2\/comments?post=15270"}],"version-history":[{"count":6,"href":"https:\/\/www.piper-germany.de\/en\/wp-json\/wp\/v2\/pages\/15270\/revisions"}],"predecessor-version":[{"id":16558,"href":"https:\/\/www.piper-germany.de\/en\/wp-json\/wp\/v2\/pages\/15270\/revisions\/16558"}],"up":[{"embeddable":true,"href":"https:\/\/www.piper-germany.de\/en\/wp-json\/wp\/v2\/pages\/14646"}],"wp:attachment":[{"href":"https:\/\/www.piper-germany.de\/en\/wp-json\/wp\/v2\/media?parent=15270"}],"curies":[{"name":"wp","href":"https:\/\/api.w.org\/{rel}","templated":true}]}}