{"id":14646,"date":"2023-04-03T10:49:42","date_gmt":"2023-04-03T08:49:42","guid":{"rendered":"https:\/\/www.piper-germany.de\/aircrafts\/"},"modified":"2026-03-27T14:57:35","modified_gmt":"2026-03-27T13:57:35","slug":"aircrafts","status":"publish","type":"page","link":"https:\/\/www.piper-germany.de\/en\/aircrafts\/","title":{"rendered":"Aircraft"},"content":{"rendered":"\t\t<div data-elementor-type=\"wp-page\" data-elementor-id=\"14646\" class=\"elementor elementor-14646 elementor-114\">\n\t\t\t\t\t\t\t\t\t<section class=\"elementor-section elementor-top-section elementor-element elementor-element-180764f elementor-section-full_width elementor-section-height-min-height elementor-section-items-bottom elementor-section-height-default\" data-id=\"180764f\" data-element_type=\"section\" data-settings=\"{&quot;background_background&quot;:&quot;classic&quot;}\">\n\t\t\t\t\t\t<div class=\"elementor-container elementor-column-gap-default\">\n\t\t\t\t\t<div class=\"elementor-column elementor-col-100 elementor-top-column elementor-element elementor-element-20eac75\" data-id=\"20eac75\" data-element_type=\"column\" data-settings=\"{&quot;background_background&quot;:&quot;gradient&quot;}\">\n\t\t\t<div class=\"elementor-widget-wrap elementor-element-populated\">\n\t\t\t\t\t\t\t\t<div class=\"elementor-element elementor-element-fdd9ab8 elementor-widget elementor-widget-qi_addons_for_elementor_animated_text\" data-id=\"fdd9ab8\" data-element_type=\"widget\" data-widget_type=\"qi_addons_for_elementor_animated_text.default\">\n\t\t\t\t<div class=\"elementor-widget-container\">\n\t\t\t<div class=\"qodef-shortcode qodef-m  qodef-qi-animated-text qodef--animated-by-letter qodef--alignment-center qodef-qi--has-appear qodef--appear-from-bottom\" >\n\t\t<h1 class=\"qodef-m-title\">\n\t\t<span class=\"qodef-e-word-holder\">Aircraft<\/span>\t<\/h1>\n<\/div>\n\t\t<\/div>\n\t\t\t\t<\/div>\n\t\t\t\t<div class=\"elementor-element elementor-element-4c32a52 elementor-widget-mobile__width-initial elementor-widget elementor-widget-heading\" data-id=\"4c32a52\" data-element_type=\"widget\" data-widget_type=\"heading.default\">\n\t\t\t\t<div class=\"elementor-widget-container\">\n\t\t\t<style>\/*! elementor - v3.12.0 - 29-03-2023 *\/\n.elementor-heading-title{padding:0;margin:0;line-height:1}.elementor-widget-heading .elementor-heading-title[class*=elementor-size-]>a{color:inherit;font-size:inherit;line-height:inherit}.elementor-widget-heading .elementor-heading-title.elementor-size-small{font-size:15px}.elementor-widget-heading .elementor-heading-title.elementor-size-medium{font-size:19px}.elementor-widget-heading .elementor-heading-title.elementor-size-large{font-size:29px}.elementor-widget-heading .elementor-heading-title.elementor-size-xl{font-size:39px}.elementor-widget-heading .elementor-heading-title.elementor-size-xxl{font-size:59px}<\/style><h5 class=\"elementor-heading-title elementor-size-default\">Your Exclusive Piper Dealer for Germany, Austria, Switzerland and T\u00fcrkiye.<\/h5>\t\t<\/div>\n\t\t\t\t<\/div>\n\t\t\t\t<div class=\"elementor-element elementor-element-dad2eaf elementor-widget__width-auto elementor-mobile-align-center elementor-widget-mobile__width-auto elementor-widget elementor-widget-button\" data-id=\"dad2eaf\" data-element_type=\"widget\" data-widget_type=\"button.default\">\n\t\t\t\t<div class=\"elementor-widget-container\">\n\t\t\t\t\t<div class=\"elementor-button-wrapper\">\n\t\t\t<a href=\"https:\/\/www.piper-germany.de\/en\/aircrafts\/new\/\" class=\"elementor-button-link elementor-button elementor-size-sm elementor-animation-grow\" role=\"button\">\n\t\t\t\t\t\t<span class=\"elementor-button-content-wrapper\">\n\t\t\t\t\t\t<span class=\"elementor-button-text\">New<\/span>\n\t\t<\/span>\n\t\t\t\t\t<\/a>\n\t\t<\/div>\n\t\t\t\t<\/div>\n\t\t\t\t<\/div>\n\t\t\t\t<div class=\"elementor-element elementor-element-521d139 elementor-widget__width-auto elementor-widget elementor-widget-button\" data-id=\"521d139\" data-element_type=\"widget\" data-widget_type=\"button.default\">\n\t\t\t\t<div class=\"elementor-widget-container\">\n\t\t\t\t\t<div class=\"elementor-button-wrapper\">\n\t\t\t<a href=\"https:\/\/www.piper-germany.de\/en\/aircrafts\/used\/\" class=\"elementor-button-link elementor-button elementor-size-sm elementor-animation-grow\" role=\"button\">\n\t\t\t\t\t\t<span class=\"elementor-button-content-wrapper\">\n\t\t\t\t\t\t<span class=\"elementor-button-text\">Pre-owned<\/span>\n\t\t<\/span>\n\t\t\t\t\t<\/a>\n\t\t<\/div>\n\t\t\t\t<\/div>\n\t\t\t\t<\/div>\n\t\t\t\t<div class=\"elementor-element elementor-element-93b0061 elementor-widget__width-auto elementor-widget elementor-widget-button\" data-id=\"93b0061\" data-element_type=\"widget\" data-widget_type=\"button.default\">\n\t\t\t\t<div class=\"elementor-widget-container\">\n\t\t\t\t\t<div class=\"elementor-button-wrapper\">\n\t\t\t<a href=\"https:\/\/www.piper-germany.de\/en\/aircrafts\/demonstrator\/\" class=\"elementor-button-link elementor-button elementor-size-sm elementor-animation-grow\" role=\"button\">\n\t\t\t\t\t\t<span class=\"elementor-button-content-wrapper\">\n\t\t\t\t\t\t<span class=\"elementor-button-text\">Demonstrator<\/span>\n\t\t<\/span>\n\t\t\t\t\t<\/a>\n\t\t<\/div>\n\t\t\t\t<\/div>\n\t\t\t\t<\/div>\n\t\t\t\t\t<\/div>\n\t\t<\/div>\n\t\t\t\t\t\t\t<\/div>\n\t\t<\/section>\n\t\t\t\t<section class=\"elementor-section elementor-top-section elementor-element elementor-element-3b1df58 elementor-section-boxed elementor-section-height-default elementor-section-height-default\" data-id=\"3b1df58\" data-element_type=\"section\">\n\t\t\t\t\t\t<div class=\"elementor-container elementor-column-gap-default\">\n\t\t\t\t\t<div class=\"elementor-column elementor-col-100 elementor-top-column elementor-element elementor-element-68f7954\" data-id=\"68f7954\" data-element_type=\"column\">\n\t\t\t<div class=\"elementor-widget-wrap elementor-element-populated\">\n\t\t\t\t\t\t\t\t<div class=\"elementor-element elementor-element-4baefa3 elementor-widget elementor-widget-text-editor\" data-id=\"4baefa3\" data-element_type=\"widget\" data-widget_type=\"text-editor.default\">\n\t\t\t\t<div class=\"elementor-widget-container\">\n\t\t\t<style>\/*! elementor - v3.12.0 - 29-03-2023 *\/\n.elementor-widget-text-editor.elementor-drop-cap-view-stacked .elementor-drop-cap{background-color:#69727d;color:#fff}.elementor-widget-text-editor.elementor-drop-cap-view-framed .elementor-drop-cap{color:#69727d;border:3px solid;background-color:transparent}.elementor-widget-text-editor:not(.elementor-drop-cap-view-default) .elementor-drop-cap{margin-top:8px}.elementor-widget-text-editor:not(.elementor-drop-cap-view-default) .elementor-drop-cap-letter{width:1em;height:1em}.elementor-widget-text-editor .elementor-drop-cap{float:left;text-align:center;line-height:1;font-size:50px}.elementor-widget-text-editor .elementor-drop-cap-letter{display:inline-block}<\/style>\t\t\t\t<p>As the exclusive Piper dealer for Germany, Austria, Switzerland, and Turkey, we are pleased to present you with a wide range of new and pre-owned aircraft models.<\/p>\n<p>As an authorized Piper dealer, our portfolio of new aircraft includes the highly regarded M-Class models, such as the M700 FURY, M500, and M350. In addition, we offer the extremely popular Piper PA-28 Archer in DLX and TLX variants. In the trainer aircraft segment, we offer the cost-efficient Piper Pilot 100i as well as the proven Seminole. Piper&#8217;s diverse product line allows us to offer the right aircraft to both experienced pilots looking to upgrade and those new to aviation.<\/p>\n<p>Can&#8217;t find your desired model in our selection? Don&#8217;t worry, we&#8217;re here to help. Our team can source the perfect model for you from the used market or check if it&#8217;s already in our inventory. We also offer expertise in locating aircraft from other renowned manufacturers. In addition to Piper, we provide support in finding aircraft from esteemed manufacturers like Cessna, Beechcraft, Pilatus, or Cirrus in the used market.<\/p>\n<p><br>Our dedicated team of experienced professionals and pilots, supported by a strong network within the industry, is committed to ensuring your complete satisfaction. We provide comprehensive support throughout the entire purchasing process\u2014from initial consultation and a detailed analysis of your aviation needs to tailored financing solutions, as well as the delivery and registration of your aircraft. With our in-depth expertise in general aviation and our broad company profile, which also includes aircraft maintenance and spare parts trading, we are here to guide you with expert knowledge and help you make well-informed decisions.  <\/p>\n<p>Our team of experienced professionals is dedicated to ensuring your complete satisfaction. We offer comprehensive support throughout the entire purchase process, from initial consultation and aircraft selection to financing options and delivery. We&#8217;re excited to assist you in finding your perfect aircraft and meeting your unique needs.<\/p>\t\t\t\t\t\t<\/div>\n\t\t\t\t<\/div>\n\t\t\t\t\t<\/div>\n\t\t<\/div>\n\t\t\t\t\t\t\t<\/div>\n\t\t<\/section>\n\t\t\t\t<section class=\"elementor-section elementor-top-section elementor-element elementor-element-8cc40bc elementor-section-boxed elementor-section-height-default elementor-section-height-default\" data-id=\"8cc40bc\" data-element_type=\"section\">\n\t\t\t\t\t\t<div class=\"elementor-container elementor-column-gap-default\">\n\t\t\t\t\t<div class=\"elementor-column elementor-col-100 elementor-top-column elementor-element elementor-element-97169d1\" data-id=\"97169d1\" data-element_type=\"column\">\n\t\t\t<div class=\"elementor-widget-wrap elementor-element-populated\">\n\t\t\t\t\t\t\t\t<div class=\"elementor-element elementor-element-ce9f4f0 premium-blog-align-left elementor-widget elementor-widget-premium-addon-blog\" data-id=\"ce9f4f0\" data-element_type=\"widget\" data-settings=\"{&quot;premium_blog_grid&quot;:&quot;yes&quot;,&quot;premium_blog_layout&quot;:&quot;even&quot;,&quot;premium_blog_columns_number&quot;:&quot;50%&quot;,&quot;premium_blog_columns_number_tablet&quot;:&quot;50%&quot;,&quot;premium_blog_columns_number_mobile&quot;:&quot;100%&quot;}\" data-widget_type=\"premium-addon-blog.default\">\n\t\t\t\t<div class=\"elementor-widget-container\">\n\t\t\t\r\n\t\t\t\t<div class=\"premium-blog-wrap  premium-blog-even\" data-page=\"14646\">\r\n\t\t\t\t\t<div class=\"premium-blog-post-outer-container\" data-total=\"1\">\n\t\t\t<div class=\"premium-blog-post-container premium-blog-skin-cards\">\n\t\t\t\t\t\t\t\t\t<div class=\"premium-blog-thumb-effect-wrapper\">\n\t\t\t\t\t\t<div class=\"premium-blog-thumbnail-container premium-blog-none-effect\">\n\t\t\t\t\t\t\t\t\t\t<a href=\"https:\/\/www.piper-germany.de\/en\/aircraft\/pre-owned\/piper-seneca-v-2013\/\" target=\"_self\">\n\t\t\t<img decoding=\"async\" width=\"1024\" height=\"434\" src=\"https:\/\/www.piper-germany.de\/wp-content\/uploads\/2026\/04\/Icon_D-IIPN.png\" class=\"attachment-full size-full wp-image-21139\" alt=\"\" loading=\"lazy\" srcset=\"https:\/\/www.piper-germany.de\/wp-content\/uploads\/2026\/04\/Icon_D-IIPN.png 1024w, https:\/\/www.piper-germany.de\/wp-content\/uploads\/2026\/04\/Icon_D-IIPN-300x127.png 300w, https:\/\/www.piper-germany.de\/wp-content\/uploads\/2026\/04\/Icon_D-IIPN-768x326.png 768w\" sizes=\"(max-width: 1024px) 100vw, 1024px\" \/>\t\t\t<\/a>\n\t\t\t\t\t\t\t\t\t<\/div>\n\t\t\t\t\t\t\t\t\t\t\t\t\t<div class=\"premium-blog-effect-container premium-blog-none-effect\">\n\t\t\t\t\t\t\t\t<a class=\"premium-blog-post-link\" href=\"https:\/\/www.piper-germany.de\/en\/aircraft\/pre-owned\/piper-seneca-v-2013\/\" target=\"_self\"><span>Piper Seneca V (2013)<\/span><\/a>\n\t\t\t\t\t\t\t\t\t\t\t\t\t\t\t<\/div>\n\t\t\t\t\t\t\t\t\t\t\t<\/div>\n\t\t\t\t\t\t\t\t\t\t\t\t\t\t\t\t\t\t\t\t\t<div class=\"premium-blog-content-wrapper \">\n\n\t\t\t\t\t<div class=\"premium-blog-inner-container\">\n\n\t\t\t\t\t\t\t\t\t\t\t\t\t\t<h2 class=\"premium-blog-entry-title\">\n\t\t\t<a href=\"https:\/\/www.piper-germany.de\/en\/aircraft\/pre-owned\/piper-seneca-v-2013\/\" target=\"_self\">\n\t\t\t\tPiper Seneca V (2013)\t\t\t<\/a>\n\t\t<\/h2>\n\t\t\n\t\t\t\t\t<\/div>\n\n\t\t\t\t\t<p class=\"premium-blog-post-content\">Available immediately for USD 785.000,00<\/p>\t\t<div class=\"premium-blog-entry-meta\">\n\t\t\t\n\t\t\t\n\t\t\t\t\t\t\t<span class=\"premium-blog-meta-separator\">\u2022<\/span>\n\t\t\t\t<div class=\"premium-blog-post-categories premium-blog-meta-data\">\n\t\t\t\t\t<i class=\"fa fa-align-left fa-fw\" aria-hidden=\"true\"><\/i>\n\t\t\t\t\t<a href=\"https:\/\/www.piper-germany.de\/en\/category\/aircraft\/pre-owned\/\" rel=\"category tag\">Pre-owned<\/a>\t\t\t\t<\/div>\n\t\t\t\n\t\t\t\t\t<\/div>\n\t\t\t\t\t\t\t\n\t\t\t\t<\/div>\n\t\t\t<\/div>\n\t\t<\/div>\n\n\t\t\t\t<div class=\"premium-blog-post-outer-container\" data-total=\"1\">\n\t\t\t<div class=\"premium-blog-post-container premium-blog-skin-cards\">\n\t\t\t\t\t\t\t\t\t<div class=\"premium-blog-thumb-effect-wrapper\">\n\t\t\t\t\t\t<div class=\"premium-blog-thumbnail-container premium-blog-none-effect\">\n\t\t\t\t\t\t\t\t\t\t<a href=\"https:\/\/www.piper-germany.de\/en\/aircraft\/pre-owned\/piper-mirage-2014\/\" target=\"_self\">\n\t\t\t<img decoding=\"async\" width=\"1024\" height=\"434\" src=\"https:\/\/www.piper-germany.de\/wp-content\/uploads\/2026\/04\/Icon_F-HDPV.png\" class=\"attachment-full size-full wp-image-20923\" alt=\"\" loading=\"lazy\" srcset=\"https:\/\/www.piper-germany.de\/wp-content\/uploads\/2026\/04\/Icon_F-HDPV.png 1024w, https:\/\/www.piper-germany.de\/wp-content\/uploads\/2026\/04\/Icon_F-HDPV-300x127.png 300w, https:\/\/www.piper-germany.de\/wp-content\/uploads\/2026\/04\/Icon_F-HDPV-768x326.png 768w\" sizes=\"(max-width: 1024px) 100vw, 1024px\" \/>\t\t\t<\/a>\n\t\t\t\t\t\t\t\t\t<\/div>\n\t\t\t\t\t\t\t\t\t\t\t\t\t<div class=\"premium-blog-effect-container premium-blog-none-effect\">\n\t\t\t\t\t\t\t\t<a class=\"premium-blog-post-link\" href=\"https:\/\/www.piper-germany.de\/en\/aircraft\/pre-owned\/piper-mirage-2014\/\" target=\"_self\"><span>Piper Mirage (2014)<\/span><\/a>\n\t\t\t\t\t\t\t\t\t\t\t\t\t\t\t<\/div>\n\t\t\t\t\t\t\t\t\t\t\t<\/div>\n\t\t\t\t\t\t\t\t\t\t\t\t\t\t\t\t\t\t\t\t\t<div class=\"premium-blog-content-wrapper \">\n\n\t\t\t\t\t<div class=\"premium-blog-inner-container\">\n\n\t\t\t\t\t\t\t\t\t\t\t\t\t\t<h2 class=\"premium-blog-entry-title\">\n\t\t\t<a href=\"https:\/\/www.piper-germany.de\/en\/aircraft\/pre-owned\/piper-mirage-2014\/\" target=\"_self\">\n\t\t\t\tPiper Mirage (2014)\t\t\t<\/a>\n\t\t<\/h2>\n\t\t\n\t\t\t\t\t<\/div>\n\n\t\t\t\t\t<p class=\"premium-blog-post-content\">Available immediately for USD 849.000 plus VAT VAT<\/p>\t\t<div class=\"premium-blog-entry-meta\">\n\t\t\t\n\t\t\t\n\t\t\t\t\t\t\t<span class=\"premium-blog-meta-separator\">\u2022<\/span>\n\t\t\t\t<div class=\"premium-blog-post-categories premium-blog-meta-data\">\n\t\t\t\t\t<i class=\"fa fa-align-left fa-fw\" aria-hidden=\"true\"><\/i>\n\t\t\t\t\t<a href=\"https:\/\/www.piper-germany.de\/en\/category\/aircraft\/pre-owned\/\" rel=\"category tag\">Pre-owned<\/a>\t\t\t\t<\/div>\n\t\t\t\n\t\t\t\t\t<\/div>\n\t\t\t\t\t\t\t\n\t\t\t\t<\/div>\n\t\t\t<\/div>\n\t\t<\/div>\n\n\t\t\t\t<div class=\"premium-blog-post-outer-container\" data-total=\"1\">\n\t\t\t<div class=\"premium-blog-post-container premium-blog-skin-cards\">\n\t\t\t\t\t\t\t\t\t<div class=\"premium-blog-thumb-effect-wrapper\">\n\t\t\t\t\t\t<div class=\"premium-blog-thumbnail-container premium-blog-none-effect\">\n\t\t\t\t\t\t\t\t\t\t<a href=\"https:\/\/www.piper-germany.de\/en\/aircraft\/pre-owned\/diamond-da50-rg-2022\/\" target=\"_self\">\n\t\t\t<img decoding=\"async\" width=\"1024\" height=\"434\" src=\"https:\/\/www.piper-germany.de\/wp-content\/uploads\/2026\/02\/Icon_D-EMVH.png\" class=\"attachment-full size-full wp-image-20634\" alt=\"\" loading=\"lazy\" srcset=\"https:\/\/www.piper-germany.de\/wp-content\/uploads\/2026\/02\/Icon_D-EMVH.png 1024w, https:\/\/www.piper-germany.de\/wp-content\/uploads\/2026\/02\/Icon_D-EMVH-300x127.png 300w, https:\/\/www.piper-germany.de\/wp-content\/uploads\/2026\/02\/Icon_D-EMVH-768x326.png 768w\" sizes=\"(max-width: 1024px) 100vw, 1024px\" \/>\t\t\t<\/a>\n\t\t\t\t\t\t\t\t\t<\/div>\n\t\t\t\t\t\t\t\t\t\t\t\t\t<div class=\"premium-blog-effect-container premium-blog-none-effect\">\n\t\t\t\t\t\t\t\t<a class=\"premium-blog-post-link\" href=\"https:\/\/www.piper-germany.de\/en\/aircraft\/pre-owned\/diamond-da50-rg-2022\/\" target=\"_self\"><span>Diamond DA50 RG (2022)<\/span><\/a>\n\t\t\t\t\t\t\t\t\t\t\t\t\t\t\t<\/div>\n\t\t\t\t\t\t\t\t\t\t\t<\/div>\n\t\t\t\t\t\t\t\t\t\t\t\t\t\t\t\t\t\t\t\t\t<div class=\"premium-blog-content-wrapper \">\n\n\t\t\t\t\t<div class=\"premium-blog-inner-container\">\n\n\t\t\t\t\t\t\t\t\t\t\t\t\t\t<h2 class=\"premium-blog-entry-title\">\n\t\t\t<a href=\"https:\/\/www.piper-germany.de\/en\/aircraft\/pre-owned\/diamond-da50-rg-2022\/\" target=\"_self\">\n\t\t\t\tDiamond DA50 RG (2022)\t\t\t<\/a>\n\t\t<\/h2>\n\t\t\n\t\t\t\t\t<\/div>\n\n\t\t\t\t\t<p class=\"premium-blog-post-content\">Available immediately for 945.000 EUR plus VAT<\/p>\t\t<div class=\"premium-blog-entry-meta\">\n\t\t\t\n\t\t\t\n\t\t\t\t\t\t\t<span class=\"premium-blog-meta-separator\">\u2022<\/span>\n\t\t\t\t<div class=\"premium-blog-post-categories premium-blog-meta-data\">\n\t\t\t\t\t<i class=\"fa fa-align-left fa-fw\" aria-hidden=\"true\"><\/i>\n\t\t\t\t\t<a href=\"https:\/\/www.piper-germany.de\/en\/category\/aircraft\/pre-owned\/\" rel=\"category tag\">Pre-owned<\/a>\t\t\t\t<\/div>\n\t\t\t\n\t\t\t\t\t<\/div>\n\t\t\t\t\t\t\t\n\t\t\t\t<\/div>\n\t\t\t<\/div>\n\t\t<\/div>\n\n\t\t\t\t<div class=\"premium-blog-post-outer-container\" data-total=\"1\">\n\t\t\t<div class=\"premium-blog-post-container premium-blog-skin-cards\">\n\t\t\t\t\t\t\t\t\t<div class=\"premium-blog-thumb-effect-wrapper\">\n\t\t\t\t\t\t<div class=\"premium-blog-thumbnail-container premium-blog-none-effect\">\n\t\t\t\t\t\t\t\t\t\t<a href=\"https:\/\/www.piper-germany.de\/en\/aircraft\/pre-owned\/piper-mirage-2012-3\/\" target=\"_self\">\n\t\t\t<img decoding=\"async\" width=\"1024\" height=\"434\" src=\"https:\/\/www.piper-germany.de\/wp-content\/uploads\/2025\/12\/Icon_D-ETAO.png\" class=\"attachment-full size-full wp-image-20573\" alt=\"Piper Mirage PA-46 einmotoriges Propellerflugzeug mit Fahrwerk in Seitenansicht\" loading=\"lazy\" srcset=\"https:\/\/www.piper-germany.de\/wp-content\/uploads\/2025\/12\/Icon_D-ETAO.png 1024w, https:\/\/www.piper-germany.de\/wp-content\/uploads\/2025\/12\/Icon_D-ETAO-300x127.png 300w, https:\/\/www.piper-germany.de\/wp-content\/uploads\/2025\/12\/Icon_D-ETAO-768x326.png 768w\" sizes=\"(max-width: 1024px) 100vw, 1024px\" \/>\t\t\t<\/a>\n\t\t\t\t\t\t\t\t\t<\/div>\n\t\t\t\t\t\t\t\t\t\t\t\t\t<div class=\"premium-blog-effect-container premium-blog-none-effect\">\n\t\t\t\t\t\t\t\t<a class=\"premium-blog-post-link\" href=\"https:\/\/www.piper-germany.de\/en\/aircraft\/pre-owned\/piper-mirage-2012-3\/\" target=\"_self\"><span>Piper Mirage (2012)<\/span><\/a>\n\t\t\t\t\t\t\t\t\t\t\t\t\t\t\t<\/div>\n\t\t\t\t\t\t\t\t\t\t\t<\/div>\n\t\t\t\t\t\t\t\t\t\t\t\t\t\t\t\t\t\t\t\t\t<div class=\"premium-blog-content-wrapper \">\n\n\t\t\t\t\t<div class=\"premium-blog-inner-container\">\n\n\t\t\t\t\t\t\t\t\t\t\t\t\t\t<h2 class=\"premium-blog-entry-title\">\n\t\t\t<a href=\"https:\/\/www.piper-germany.de\/en\/aircraft\/pre-owned\/piper-mirage-2012-3\/\" target=\"_self\">\n\t\t\t\tPiper Mirage (2012)\t\t\t<\/a>\n\t\t<\/h2>\n\t\t\n\t\t\t\t\t<\/div>\n\n\t\t\t\t\t<p class=\"premium-blog-post-content\">Reduced Price - Available immediately for USD 830.000<\/p>\t\t<div class=\"premium-blog-entry-meta\">\n\t\t\t\n\t\t\t\n\t\t\t\t\t\t\t<span class=\"premium-blog-meta-separator\">\u2022<\/span>\n\t\t\t\t<div class=\"premium-blog-post-categories premium-blog-meta-data\">\n\t\t\t\t\t<i class=\"fa fa-align-left fa-fw\" aria-hidden=\"true\"><\/i>\n\t\t\t\t\t<a href=\"https:\/\/www.piper-germany.de\/en\/category\/aircraft\/pre-owned\/\" rel=\"category tag\">Pre-owned<\/a>\t\t\t\t<\/div>\n\t\t\t\n\t\t\t\t\t<\/div>\n\t\t\t\t\t\t\t\n\t\t\t\t<\/div>\n\t\t\t<\/div>\n\t\t<\/div>\n\n\t\t\t\t<div class=\"premium-blog-post-outer-container\" data-total=\"1\">\n\t\t\t<div class=\"premium-blog-post-container premium-blog-skin-cards\">\n\t\t\t\t\t\t\t\t\t<div class=\"premium-blog-thumb-effect-wrapper\">\n\t\t\t\t\t\t<div class=\"premium-blog-thumbnail-container premium-blog-none-effect\">\n\t\t\t\t\t\t\t\t\t\t<a href=\"https:\/\/www.piper-germany.de\/en\/aircraft\/pre-owned\/cirrus-sr22t-g3\/\" target=\"_self\">\n\t\t\t<img decoding=\"async\" width=\"1024\" height=\"434\" src=\"https:\/\/www.piper-germany.de\/wp-content\/uploads\/2025\/12\/Icon_HB-KLL_2.png\" class=\"attachment-full size-full wp-image-20569\" alt=\"Cirrus SR22T einmotoriges Propellerflugzeug mit ge\u00f6ffneten Fl\u00fcgelt\u00fcren\" loading=\"lazy\" srcset=\"https:\/\/www.piper-germany.de\/wp-content\/uploads\/2025\/12\/Icon_HB-KLL_2.png 1024w, https:\/\/www.piper-germany.de\/wp-content\/uploads\/2025\/12\/Icon_HB-KLL_2-300x127.png 300w, https:\/\/www.piper-germany.de\/wp-content\/uploads\/2025\/12\/Icon_HB-KLL_2-768x326.png 768w\" sizes=\"(max-width: 1024px) 100vw, 1024px\" \/>\t\t\t<\/a>\n\t\t\t\t\t\t\t\t\t<\/div>\n\t\t\t\t\t\t\t\t\t\t\t\t\t<div class=\"premium-blog-effect-container premium-blog-none-effect\">\n\t\t\t\t\t\t\t\t<a class=\"premium-blog-post-link\" href=\"https:\/\/www.piper-germany.de\/en\/aircraft\/pre-owned\/cirrus-sr22t-g3\/\" target=\"_self\"><span>Cirrus SR22T G3<\/span><\/a>\n\t\t\t\t\t\t\t\t\t\t\t\t\t\t\t<\/div>\n\t\t\t\t\t\t\t\t\t\t\t<\/div>\n\t\t\t\t\t\t\t\t\t\t\t\t\t\t\t\t\t\t\t\t\t<div class=\"premium-blog-content-wrapper \">\n\n\t\t\t\t\t<div class=\"premium-blog-inner-container\">\n\n\t\t\t\t\t\t\t\t\t\t\t\t\t\t<h2 class=\"premium-blog-entry-title\">\n\t\t\t<a href=\"https:\/\/www.piper-germany.de\/en\/aircraft\/pre-owned\/cirrus-sr22t-g3\/\" target=\"_self\">\n\t\t\t\tCirrus SR22T G3\t\t\t<\/a>\n\t\t<\/h2>\n\t\t\n\t\t\t\t\t<\/div>\n\n\t\t\t\t\t<p class=\"premium-blog-post-content\">Available immediately 495.000 EUR<\/p>\t\t<div class=\"premium-blog-entry-meta\">\n\t\t\t\n\t\t\t\n\t\t\t\t\t\t\t<span class=\"premium-blog-meta-separator\">\u2022<\/span>\n\t\t\t\t<div class=\"premium-blog-post-categories premium-blog-meta-data\">\n\t\t\t\t\t<i class=\"fa fa-align-left fa-fw\" aria-hidden=\"true\"><\/i>\n\t\t\t\t\t<a href=\"https:\/\/www.piper-germany.de\/en\/category\/aircraft\/pre-owned\/\" rel=\"category tag\">Pre-owned<\/a>\t\t\t\t<\/div>\n\t\t\t\n\t\t\t\t\t<\/div>\n\t\t\t\t\t\t\t\n\t\t\t\t<\/div>\n\t\t\t<\/div>\n\t\t<\/div>\n\n\t\t\t\t<div class=\"premium-blog-post-outer-container\" data-total=\"1\">\n\t\t\t<div class=\"premium-blog-post-container premium-blog-skin-cards\">\n\t\t\t\t\t\t\t\t\t<div class=\"premium-blog-thumb-effect-wrapper\">\n\t\t\t\t\t\t<div class=\"premium-blog-thumbnail-container premium-blog-none-effect\">\n\t\t\t\t\t\t\t\t\t\t<a href=\"https:\/\/www.piper-germany.de\/en\/aircraft\/pre-owned\/piper-saratoga-ii-tc\/\" target=\"_self\">\n\t\t\t<img decoding=\"async\" width=\"1024\" height=\"434\" src=\"https:\/\/www.piper-germany.de\/wp-content\/uploads\/2025\/11\/Icon_D-EILC_2.png\" class=\"attachment-full size-full wp-image-20565\" alt=\"Piper Saratoga II TC einmotoriges Propellerflugzeug in Seitenansicht\" loading=\"lazy\" srcset=\"https:\/\/www.piper-germany.de\/wp-content\/uploads\/2025\/11\/Icon_D-EILC_2.png 1024w, https:\/\/www.piper-germany.de\/wp-content\/uploads\/2025\/11\/Icon_D-EILC_2-300x127.png 300w, https:\/\/www.piper-germany.de\/wp-content\/uploads\/2025\/11\/Icon_D-EILC_2-768x326.png 768w\" sizes=\"(max-width: 1024px) 100vw, 1024px\" \/>\t\t\t<\/a>\n\t\t\t\t\t\t\t\t\t<\/div>\n\t\t\t\t\t\t\t\t\t\t\t\t\t<div class=\"premium-blog-effect-container premium-blog-none-effect\">\n\t\t\t\t\t\t\t\t<a class=\"premium-blog-post-link\" href=\"https:\/\/www.piper-germany.de\/en\/aircraft\/pre-owned\/piper-saratoga-ii-tc\/\" target=\"_self\"><span>Piper Saratoga II TC<\/span><\/a>\n\t\t\t\t\t\t\t\t\t\t\t\t\t\t\t<\/div>\n\t\t\t\t\t\t\t\t\t\t\t<\/div>\n\t\t\t\t\t\t\t\t\t\t\t\t\t\t\t\t\t\t\t\t\t<div class=\"premium-blog-content-wrapper \">\n\n\t\t\t\t\t<div class=\"premium-blog-inner-container\">\n\n\t\t\t\t\t\t\t\t\t\t\t\t\t\t<h2 class=\"premium-blog-entry-title\">\n\t\t\t<a href=\"https:\/\/www.piper-germany.de\/en\/aircraft\/pre-owned\/piper-saratoga-ii-tc\/\" target=\"_self\">\n\t\t\t\tPiper Saratoga II TC\t\t\t<\/a>\n\t\t<\/h2>\n\t\t\n\t\t\t\t\t<\/div>\n\n\t\t\t\t\t<p class=\"premium-blog-post-content\">Available immediately for 489.000 EUR<\/p>\t\t<div class=\"premium-blog-entry-meta\">\n\t\t\t\n\t\t\t\n\t\t\t\t\t\t\t<span class=\"premium-blog-meta-separator\">\u2022<\/span>\n\t\t\t\t<div class=\"premium-blog-post-categories premium-blog-meta-data\">\n\t\t\t\t\t<i class=\"fa fa-align-left fa-fw\" aria-hidden=\"true\"><\/i>\n\t\t\t\t\t<a href=\"https:\/\/www.piper-germany.de\/en\/category\/aircraft\/pre-owned\/\" rel=\"category tag\">Pre-owned<\/a>\t\t\t\t<\/div>\n\t\t\t\n\t\t\t\t\t<\/div>\n\t\t\t\t\t\t\t\n\t\t\t\t<\/div>\n\t\t\t<\/div>\n\t\t<\/div>\n\n\t\t\t\t<div class=\"premium-blog-post-outer-container\" data-total=\"1\">\n\t\t\t<div class=\"premium-blog-post-container premium-blog-skin-cards\">\n\t\t\t\t\t\t\t\t\t<div class=\"premium-blog-thumb-effect-wrapper\">\n\t\t\t\t\t\t<div class=\"premium-blog-thumbnail-container premium-blog-none-effect\">\n\t\t\t\t\t\t\t\t\t\t<a href=\"https:\/\/www.piper-germany.de\/en\/aircraft\/pre-owned\/piper-m350-2022\/\" target=\"_self\">\n\t\t\t<img decoding=\"async\" width=\"1024\" height=\"434\" src=\"https:\/\/www.piper-germany.de\/wp-content\/uploads\/2025\/11\/Icon_ELKD_2.png\" class=\"attachment-full size-full wp-image-20552\" alt=\"Piper Mirage PA-46 einmotoriges Propellerflugzeug mit Fahrwerk in Seitenansicht\" loading=\"lazy\" srcset=\"https:\/\/www.piper-germany.de\/wp-content\/uploads\/2025\/11\/Icon_ELKD_2.png 1024w, https:\/\/www.piper-germany.de\/wp-content\/uploads\/2025\/11\/Icon_ELKD_2-300x127.png 300w, https:\/\/www.piper-germany.de\/wp-content\/uploads\/2025\/11\/Icon_ELKD_2-768x326.png 768w\" sizes=\"(max-width: 1024px) 100vw, 1024px\" \/>\t\t\t<\/a>\n\t\t\t\t\t\t\t\t\t<\/div>\n\t\t\t\t\t\t\t\t\t\t\t\t\t<div class=\"premium-blog-effect-container premium-blog-none-effect\">\n\t\t\t\t\t\t\t\t<a class=\"premium-blog-post-link\" href=\"https:\/\/www.piper-germany.de\/en\/aircraft\/pre-owned\/piper-m350-2022\/\" target=\"_self\"><span>Piper M350 2022<\/span><\/a>\n\t\t\t\t\t\t\t\t\t\t\t\t\t\t\t<\/div>\n\t\t\t\t\t\t\t\t\t\t\t<\/div>\n\t\t\t\t\t\t\t\t\t\t\t\t\t\t\t\t\t\t\t\t\t<div class=\"premium-blog-content-wrapper \">\n\n\t\t\t\t\t<div class=\"premium-blog-inner-container\">\n\n\t\t\t\t\t\t\t\t\t\t\t\t\t\t<h2 class=\"premium-blog-entry-title\">\n\t\t\t<a href=\"https:\/\/www.piper-germany.de\/en\/aircraft\/pre-owned\/piper-m350-2022\/\" target=\"_self\">\n\t\t\t\tPiper M350 2022\t\t\t<\/a>\n\t\t<\/h2>\n\t\t\n\t\t\t\t\t<\/div>\n\n\t\t\t\t\t<p class=\"premium-blog-post-content\">Available immediately for USD 1.550.000,00$ plus VAT<\/p>\t\t<div class=\"premium-blog-entry-meta\">\n\t\t\t\n\t\t\t\n\t\t\t\t\t\t\t<span class=\"premium-blog-meta-separator\">\u2022<\/span>\n\t\t\t\t<div class=\"premium-blog-post-categories premium-blog-meta-data\">\n\t\t\t\t\t<i class=\"fa fa-align-left fa-fw\" aria-hidden=\"true\"><\/i>\n\t\t\t\t\t<a href=\"https:\/\/www.piper-germany.de\/en\/category\/aircraft\/pre-owned\/\" rel=\"category tag\">Pre-owned<\/a>\t\t\t\t<\/div>\n\t\t\t\n\t\t\t\t\t<\/div>\n\t\t\t\t\t\t\t\n\t\t\t\t<\/div>\n\t\t\t<\/div>\n\t\t<\/div>\n\n\t\t\t\t<div class=\"premium-blog-post-outer-container\" data-total=\"1\">\n\t\t\t<div class=\"premium-blog-post-container premium-blog-skin-cards\">\n\t\t\t\t\t\t\t\t\t<div class=\"premium-blog-thumb-effect-wrapper\">\n\t\t\t\t\t\t<div class=\"premium-blog-thumbnail-container premium-blog-none-effect\">\n\t\t\t\t\t\t\t\t\t\t<a href=\"https:\/\/www.piper-germany.de\/en\/aircraft\/pre-owned\/tecnam-p2010-tdi-gran-lusso\/\" target=\"_self\">\n\t\t\t<img decoding=\"async\" width=\"1024\" height=\"434\" src=\"https:\/\/www.piper-germany.de\/wp-content\/uploads\/2025\/09\/Icon_HB-KAR.png\" class=\"attachment-full size-full wp-image-18829\" alt=\"Tecnam P2010 TDI Gran Lusso for Sale\" loading=\"lazy\" srcset=\"https:\/\/www.piper-germany.de\/wp-content\/uploads\/2025\/09\/Icon_HB-KAR.png 1024w, https:\/\/www.piper-germany.de\/wp-content\/uploads\/2025\/09\/Icon_HB-KAR-300x127.png 300w, https:\/\/www.piper-germany.de\/wp-content\/uploads\/2025\/09\/Icon_HB-KAR-768x326.png 768w\" sizes=\"(max-width: 1024px) 100vw, 1024px\" \/>\t\t\t<\/a>\n\t\t\t\t\t\t\t\t\t<\/div>\n\t\t\t\t\t\t\t\t\t\t\t\t\t<div class=\"premium-blog-effect-container premium-blog-none-effect\">\n\t\t\t\t\t\t\t\t<a class=\"premium-blog-post-link\" href=\"https:\/\/www.piper-germany.de\/en\/aircraft\/pre-owned\/tecnam-p2010-tdi-gran-lusso\/\" target=\"_self\"><span>Tecnam P2010 TDI Gran Lusso<\/span><\/a>\n\t\t\t\t\t\t\t\t\t\t\t\t\t\t\t<\/div>\n\t\t\t\t\t\t\t\t\t\t\t<\/div>\n\t\t\t\t\t\t\t\t\t\t\t\t\t\t\t\t\t\t\t\t\t<div class=\"premium-blog-content-wrapper \">\n\n\t\t\t\t\t<div class=\"premium-blog-inner-container\">\n\n\t\t\t\t\t\t\t\t\t\t\t\t\t\t<h2 class=\"premium-blog-entry-title\">\n\t\t\t<a href=\"https:\/\/www.piper-germany.de\/en\/aircraft\/pre-owned\/tecnam-p2010-tdi-gran-lusso\/\" target=\"_self\">\n\t\t\t\tTecnam P2010 TDI Gran Lusso\t\t\t<\/a>\n\t\t<\/h2>\n\t\t\n\t\t\t\t\t<\/div>\n\n\t\t\t\t\t<p class=\"premium-blog-post-content\">Available immediately for \u20ac480,000.00 plus VAT<\/p>\t\t<div class=\"premium-blog-entry-meta\">\n\t\t\t\n\t\t\t\n\t\t\t\t\t\t\t<span class=\"premium-blog-meta-separator\">\u2022<\/span>\n\t\t\t\t<div class=\"premium-blog-post-categories premium-blog-meta-data\">\n\t\t\t\t\t<i class=\"fa fa-align-left fa-fw\" aria-hidden=\"true\"><\/i>\n\t\t\t\t\t<a href=\"https:\/\/www.piper-germany.de\/en\/category\/aircraft\/pre-owned\/\" rel=\"category tag\">Pre-owned<\/a>\t\t\t\t<\/div>\n\t\t\t\n\t\t\t\t\t<\/div>\n\t\t\t\t\t\t\t\n\t\t\t\t<\/div>\n\t\t\t<\/div>\n\t\t<\/div>\n\n\t\t\t\t<div class=\"premium-blog-post-outer-container\" data-total=\"1\">\n\t\t\t<div class=\"premium-blog-post-container premium-blog-skin-cards\">\n\t\t\t\t\t\t\t\t\t<div class=\"premium-blog-thumb-effect-wrapper\">\n\t\t\t\t\t\t<div class=\"premium-blog-thumbnail-container premium-blog-none-effect\">\n\t\t\t\t\t\t\t\t\t\t<a href=\"https:\/\/www.piper-germany.de\/en\/aircraft\/new\/piper-m700-fury\/\" target=\"_self\">\n\t\t\t<img decoding=\"async\" width=\"1024\" height=\"434\" src=\"https:\/\/www.piper-germany.de\/wp-content\/uploads\/2024\/01\/M700-Fury-Freigestellt.png\" class=\"attachment-full size-full wp-image-16219\" alt=\"\" loading=\"lazy\" srcset=\"https:\/\/www.piper-germany.de\/wp-content\/uploads\/2024\/01\/M700-Fury-Freigestellt.png 1024w, https:\/\/www.piper-germany.de\/wp-content\/uploads\/2024\/01\/M700-Fury-Freigestellt-300x127.png 300w, https:\/\/www.piper-germany.de\/wp-content\/uploads\/2024\/01\/M700-Fury-Freigestellt-768x326.png 768w\" sizes=\"(max-width: 1024px) 100vw, 1024px\" \/>\t\t\t<\/a>\n\t\t\t\t\t\t\t\t\t<\/div>\n\t\t\t\t\t\t\t\t\t\t\t\t\t<div class=\"premium-blog-effect-container premium-blog-none-effect\">\n\t\t\t\t\t\t\t\t<a class=\"premium-blog-post-link\" href=\"https:\/\/www.piper-germany.de\/en\/aircraft\/new\/piper-m700-fury\/\" target=\"_self\"><span>Piper M700 Fury<\/span><\/a>\n\t\t\t\t\t\t\t\t\t\t\t\t\t\t\t<\/div>\n\t\t\t\t\t\t\t\t\t\t\t<\/div>\n\t\t\t\t\t\t\t\t\t\t\t\t\t\t\t\t\t\t\t\t\t<div class=\"premium-blog-content-wrapper \">\n\n\t\t\t\t\t<div class=\"premium-blog-inner-container\">\n\n\t\t\t\t\t\t\t\t\t\t\t\t\t\t<h2 class=\"premium-blog-entry-title\">\n\t\t\t<a href=\"https:\/\/www.piper-germany.de\/en\/aircraft\/new\/piper-m700-fury\/\" target=\"_self\">\n\t\t\t\tPiper M700 Fury\t\t\t<\/a>\n\t\t<\/h2>\n\t\t\n\t\t\t\t\t<\/div>\n\n\t\t\t\t\t<p class=\"premium-blog-post-content\">The next generation!<\/p>\t\t<div class=\"premium-blog-entry-meta\">\n\t\t\t\n\t\t\t\n\t\t\t\t\t\t\t<span class=\"premium-blog-meta-separator\">\u2022<\/span>\n\t\t\t\t<div class=\"premium-blog-post-categories premium-blog-meta-data\">\n\t\t\t\t\t<i class=\"fa fa-align-left fa-fw\" aria-hidden=\"true\"><\/i>\n\t\t\t\t\t<a href=\"https:\/\/www.piper-germany.de\/en\/category\/aircraft\/new\/m-class-en\/\" rel=\"category tag\">M-Class<\/a>, <a href=\"https:\/\/www.piper-germany.de\/en\/category\/aircraft\/new\/\" rel=\"category tag\">New<\/a>\t\t\t\t<\/div>\n\t\t\t\n\t\t\t\t\t<\/div>\n\t\t\t\t\t\t\t\n\t\t\t\t<\/div>\n\t\t\t<\/div>\n\t\t<\/div>\n\n\t\t\t\t<div class=\"premium-blog-post-outer-container\" data-total=\"1\">\n\t\t\t<div class=\"premium-blog-post-container premium-blog-skin-cards\">\n\t\t\t\t\t\t\t\t\t<div class=\"premium-blog-thumb-effect-wrapper\">\n\t\t\t\t\t\t<div class=\"premium-blog-thumbnail-container premium-blog-none-effect\">\n\t\t\t\t\t\t\t\t\t\t<a href=\"https:\/\/www.piper-germany.de\/en\/aircraft\/new\/archer-dlx\/\" target=\"_self\">\n\t\t\t<img decoding=\"async\" width=\"1024\" height=\"434\" src=\"https:\/\/www.piper-germany.de\/wp-content\/uploads\/2023\/07\/Archer_DLX_Kachel_web.webp\" class=\"attachment-full size-full wp-image-14616\" alt=\"\" loading=\"lazy\" srcset=\"https:\/\/www.piper-germany.de\/wp-content\/uploads\/2023\/07\/Archer_DLX_Kachel_web.webp 1024w, https:\/\/www.piper-germany.de\/wp-content\/uploads\/2023\/07\/Archer_DLX_Kachel_web-300x127.webp 300w, https:\/\/www.piper-germany.de\/wp-content\/uploads\/2023\/07\/Archer_DLX_Kachel_web-768x326.webp 768w\" sizes=\"(max-width: 1024px) 100vw, 1024px\" \/>\t\t\t<\/a>\n\t\t\t\t\t\t\t\t\t<\/div>\n\t\t\t\t\t\t\t\t\t\t\t\t\t<div class=\"premium-blog-effect-container premium-blog-none-effect\">\n\t\t\t\t\t\t\t\t<a class=\"premium-blog-post-link\" href=\"https:\/\/www.piper-germany.de\/en\/aircraft\/new\/archer-dlx\/\" target=\"_self\"><span>Archer DLX<\/span><\/a>\n\t\t\t\t\t\t\t\t\t\t\t\t\t\t\t<\/div>\n\t\t\t\t\t\t\t\t\t\t\t<\/div>\n\t\t\t\t\t\t\t\t\t\t\t\t\t\t\t\t\t\t\t\t\t<div class=\"premium-blog-content-wrapper \">\n\n\t\t\t\t\t<div class=\"premium-blog-inner-container\">\n\n\t\t\t\t\t\t\t\t\t\t\t\t\t\t<h2 class=\"premium-blog-entry-title\">\n\t\t\t<a href=\"https:\/\/www.piper-germany.de\/en\/aircraft\/new\/archer-dlx\/\" target=\"_self\">\n\t\t\t\tArcher DLX\t\t\t<\/a>\n\t\t<\/h2>\n\t\t\n\t\t\t\t\t<\/div>\n\n\t\t\t\t\t<p class=\"premium-blog-post-content\">Innovation at any altitude<\/p>\t\t<div class=\"premium-blog-entry-meta\">\n\t\t\t\n\t\t\t\n\t\t\t\t\t\t\t<span class=\"premium-blog-meta-separator\">\u2022<\/span>\n\t\t\t\t<div class=\"premium-blog-post-categories premium-blog-meta-data\">\n\t\t\t\t\t<i class=\"fa fa-align-left fa-fw\" aria-hidden=\"true\"><\/i>\n\t\t\t\t\t<a href=\"https:\/\/www.piper-germany.de\/en\/category\/aircraft\/new\/archer-en\/\" rel=\"category tag\">Archer<\/a>, <a href=\"https:\/\/www.piper-germany.de\/en\/category\/aircraft\/new\/\" rel=\"category tag\">New<\/a>\t\t\t\t<\/div>\n\t\t\t\n\t\t\t\t\t<\/div>\n\t\t\t\t\t\t\t\n\t\t\t\t<\/div>\n\t\t\t<\/div>\n\t\t<\/div>\n\n\t\t\t\t<div class=\"premium-blog-post-outer-container\" data-total=\"1\">\n\t\t\t<div class=\"premium-blog-post-container premium-blog-skin-cards\">\n\t\t\t\t\t\t\t\t\t<div class=\"premium-blog-thumb-effect-wrapper\">\n\t\t\t\t\t\t<div class=\"premium-blog-thumbnail-container premium-blog-none-effect\">\n\t\t\t\t\t\t\t\t\t\t<a href=\"https:\/\/www.piper-germany.de\/en\/aircraft\/new\/seminole\/\" target=\"_self\">\n\t\t\t<img decoding=\"async\" width=\"1024\" height=\"434\" src=\"https:\/\/www.piper-germany.de\/wp-content\/uploads\/2023\/07\/Seminole_Kachel_web.webp\" class=\"attachment-full size-full wp-image-14612\" alt=\"\" loading=\"lazy\" srcset=\"https:\/\/www.piper-germany.de\/wp-content\/uploads\/2023\/07\/Seminole_Kachel_web.webp 1024w, https:\/\/www.piper-germany.de\/wp-content\/uploads\/2023\/07\/Seminole_Kachel_web-300x127.webp 300w, https:\/\/www.piper-germany.de\/wp-content\/uploads\/2023\/07\/Seminole_Kachel_web-768x326.webp 768w\" sizes=\"(max-width: 1024px) 100vw, 1024px\" \/>\t\t\t<\/a>\n\t\t\t\t\t\t\t\t\t<\/div>\n\t\t\t\t\t\t\t\t\t\t\t\t\t<div class=\"premium-blog-effect-container premium-blog-none-effect\">\n\t\t\t\t\t\t\t\t<a class=\"premium-blog-post-link\" href=\"https:\/\/www.piper-germany.de\/en\/aircraft\/new\/seminole\/\" target=\"_self\"><span>Seminole<\/span><\/a>\n\t\t\t\t\t\t\t\t\t\t\t\t\t\t\t<\/div>\n\t\t\t\t\t\t\t\t\t\t\t<\/div>\n\t\t\t\t\t\t\t\t\t\t\t\t\t\t\t\t\t\t\t\t\t<div class=\"premium-blog-content-wrapper \">\n\n\t\t\t\t\t<div class=\"premium-blog-inner-container\">\n\n\t\t\t\t\t\t\t\t\t\t\t\t\t\t<h2 class=\"premium-blog-entry-title\">\n\t\t\t<a href=\"https:\/\/www.piper-germany.de\/en\/aircraft\/new\/seminole\/\" target=\"_self\">\n\t\t\t\tSeminole\t\t\t<\/a>\n\t\t<\/h2>\n\t\t\n\t\t\t\t\t<\/div>\n\n\t\t\t\t\t<p class=\"premium-blog-post-content\">The first-choice Multi-Engine Trainer<\/p>\t\t<div class=\"premium-blog-entry-meta\">\n\t\t\t\n\t\t\t\n\t\t\t\t\t\t\t<span class=\"premium-blog-meta-separator\">\u2022<\/span>\n\t\t\t\t<div class=\"premium-blog-post-categories premium-blog-meta-data\">\n\t\t\t\t\t<i class=\"fa fa-align-left fa-fw\" aria-hidden=\"true\"><\/i>\n\t\t\t\t\t<a href=\"https:\/\/www.piper-germany.de\/en\/category\/aircraft\/new\/\" rel=\"category tag\">New<\/a>\t\t\t\t<\/div>\n\t\t\t\n\t\t\t\t\t<\/div>\n\t\t\t\t\t\t\t\n\t\t\t\t<\/div>\n\t\t\t<\/div>\n\t\t<\/div>\n\n\t\t\t\t<div class=\"premium-blog-post-outer-container\" data-total=\"1\">\n\t\t\t<div class=\"premium-blog-post-container premium-blog-skin-cards\">\n\t\t\t\t\t\t\t\t\t<div class=\"premium-blog-thumb-effect-wrapper\">\n\t\t\t\t\t\t<div class=\"premium-blog-thumbnail-container premium-blog-none-effect\">\n\t\t\t\t\t\t\t\t\t\t<a href=\"https:\/\/www.piper-germany.de\/en\/aircraft\/new\/pilot100i\/\" target=\"_self\">\n\t\t\t<img decoding=\"async\" width=\"1024\" height=\"434\" src=\"https:\/\/www.piper-germany.de\/wp-content\/uploads\/2023\/07\/Pilot100i_Kachel_web.webp\" class=\"attachment-full size-full wp-image-14611\" alt=\"\" loading=\"lazy\" srcset=\"https:\/\/www.piper-germany.de\/wp-content\/uploads\/2023\/07\/Pilot100i_Kachel_web.webp 1024w, https:\/\/www.piper-germany.de\/wp-content\/uploads\/2023\/07\/Pilot100i_Kachel_web-300x127.webp 300w, https:\/\/www.piper-germany.de\/wp-content\/uploads\/2023\/07\/Pilot100i_Kachel_web-768x326.webp 768w\" sizes=\"(max-width: 1024px) 100vw, 1024px\" \/>\t\t\t<\/a>\n\t\t\t\t\t\t\t\t\t<\/div>\n\t\t\t\t\t\t\t\t\t\t\t\t\t<div class=\"premium-blog-effect-container premium-blog-none-effect\">\n\t\t\t\t\t\t\t\t<a class=\"premium-blog-post-link\" href=\"https:\/\/www.piper-germany.de\/en\/aircraft\/new\/pilot100i\/\" target=\"_self\"><span>Pilot100i<\/span><\/a>\n\t\t\t\t\t\t\t\t\t\t\t\t\t\t\t<\/div>\n\t\t\t\t\t\t\t\t\t\t\t<\/div>\n\t\t\t\t\t\t\t\t\t\t\t\t\t\t\t\t\t\t\t\t\t<div class=\"premium-blog-content-wrapper \">\n\n\t\t\t\t\t<div class=\"premium-blog-inner-container\">\n\n\t\t\t\t\t\t\t\t\t\t\t\t\t\t<h2 class=\"premium-blog-entry-title\">\n\t\t\t<a href=\"https:\/\/www.piper-germany.de\/en\/aircraft\/new\/pilot100i\/\" target=\"_self\">\n\t\t\t\tPilot100i\t\t\t<\/a>\n\t\t<\/h2>\n\t\t\n\t\t\t\t\t<\/div>\n\n\t\t\t\t\t<p class=\"premium-blog-post-content\">Simplicity and value<\/p>\t\t<div class=\"premium-blog-entry-meta\">\n\t\t\t\n\t\t\t\n\t\t\t\t\t\t\t<span class=\"premium-blog-meta-separator\">\u2022<\/span>\n\t\t\t\t<div class=\"premium-blog-post-categories premium-blog-meta-data\">\n\t\t\t\t\t<i class=\"fa fa-align-left fa-fw\" aria-hidden=\"true\"><\/i>\n\t\t\t\t\t<a href=\"https:\/\/www.piper-germany.de\/en\/category\/aircraft\/new\/archer-en\/\" rel=\"category tag\">Archer<\/a>, <a href=\"https:\/\/www.piper-germany.de\/en\/category\/aircraft\/new\/\" rel=\"category tag\">New<\/a>\t\t\t\t<\/div>\n\t\t\t\n\t\t\t\t\t<\/div>\n\t\t\t\t\t\t\t\n\t\t\t\t<\/div>\n\t\t\t<\/div>\n\t\t<\/div>\n\n\t\t\t\t<div class=\"premium-blog-post-outer-container\" data-total=\"1\">\n\t\t\t<div class=\"premium-blog-post-container premium-blog-skin-cards\">\n\t\t\t\t\t\t\t\t\t<div class=\"premium-blog-thumb-effect-wrapper\">\n\t\t\t\t\t\t<div class=\"premium-blog-thumbnail-container premium-blog-none-effect\">\n\t\t\t\t\t\t\t\t\t\t<a href=\"https:\/\/www.piper-germany.de\/en\/aircraft\/new\/archer-lx\/\" target=\"_self\">\n\t\t\t<img decoding=\"async\" width=\"1024\" height=\"434\" src=\"https:\/\/www.piper-germany.de\/wp-content\/uploads\/2023\/04\/Archer_LX_Kachel_web.webp\" class=\"attachment-full size-full wp-image-14617\" alt=\"\" loading=\"lazy\" srcset=\"https:\/\/www.piper-germany.de\/wp-content\/uploads\/2023\/04\/Archer_LX_Kachel_web.webp 1024w, https:\/\/www.piper-germany.de\/wp-content\/uploads\/2023\/04\/Archer_LX_Kachel_web-300x127.webp 300w, https:\/\/www.piper-germany.de\/wp-content\/uploads\/2023\/04\/Archer_LX_Kachel_web-768x326.webp 768w\" sizes=\"(max-width: 1024px) 100vw, 1024px\" \/>\t\t\t<\/a>\n\t\t\t\t\t\t\t\t\t<\/div>\n\t\t\t\t\t\t\t\t\t\t\t\t\t<div class=\"premium-blog-effect-container premium-blog-none-effect\">\n\t\t\t\t\t\t\t\t<a class=\"premium-blog-post-link\" href=\"https:\/\/www.piper-germany.de\/en\/aircraft\/new\/archer-lx\/\" target=\"_self\"><span>Archer LX<\/span><\/a>\n\t\t\t\t\t\t\t\t\t\t\t\t\t\t\t<\/div>\n\t\t\t\t\t\t\t\t\t\t\t<\/div>\n\t\t\t\t\t\t\t\t\t\t\t\t\t\t\t\t\t\t\t\t\t<div class=\"premium-blog-content-wrapper \">\n\n\t\t\t\t\t<div class=\"premium-blog-inner-container\">\n\n\t\t\t\t\t\t\t\t\t\t\t\t\t\t<h2 class=\"premium-blog-entry-title\">\n\t\t\t<a href=\"https:\/\/www.piper-germany.de\/en\/aircraft\/new\/archer-lx\/\" target=\"_self\">\n\t\t\t\tArcher LX\t\t\t<\/a>\n\t\t<\/h2>\n\t\t\n\t\t\t\t\t<\/div>\n\n\t\t\t\t\t<p class=\"premium-blog-post-content\">Tailored for Passionate Private Pilots<\/p>\t\t<div class=\"premium-blog-entry-meta\">\n\t\t\t\n\t\t\t\n\t\t\t\t\t\t\t<span class=\"premium-blog-meta-separator\">\u2022<\/span>\n\t\t\t\t<div class=\"premium-blog-post-categories premium-blog-meta-data\">\n\t\t\t\t\t<i class=\"fa fa-align-left fa-fw\" aria-hidden=\"true\"><\/i>\n\t\t\t\t\t<a href=\"https:\/\/www.piper-germany.de\/en\/category\/aircraft\/new\/archer-en\/\" rel=\"category tag\">Archer<\/a>, <a href=\"https:\/\/www.piper-germany.de\/en\/category\/aircraft\/new\/\" rel=\"category tag\">New<\/a>\t\t\t\t<\/div>\n\t\t\t\n\t\t\t\t\t<\/div>\n\t\t\t\t\t\t\t\n\t\t\t\t<\/div>\n\t\t\t<\/div>\n\t\t<\/div>\n\n\t\t\t\t<\/div>\r\n\r\n\t\t\t\t<\/div>\n\t\t\t\t<\/div>\n\t\t\t\t\t<\/div>\n\t\t<\/div>\n\t\t\t\t\t\t\t<\/div>\n\t\t<\/section>\n\t\t\t\t\t\t\t<\/div>\n\t\t","protected":false},"excerpt":{"rendered":"<p>Aircraft Your Exclusive Piper Dealer for Germany, Austria, Switzerland and T\u00fcrkiye. New Pre-owned Demonstrator As the exclusive Piper dealer for Germany, Austria, Switzerland, and Turkey, we are pleased to present you with a wide range of new and pre-owned aircraft models. As an authorized Piper dealer, our portfolio of new aircraft includes the highly regarded [&hellip;]<\/p>\n","protected":false},"author":1,"featured_media":0,"parent":0,"menu_order":0,"comment_status":"closed","ping_status":"closed","template":"elementor_header_footer","meta":{"_links_to":"","_links_to_target":""},"_links":{"self":[{"href":"https:\/\/www.piper-germany.de\/en\/wp-json\/wp\/v2\/pages\/14646"}],"collection":[{"href":"https:\/\/www.piper-germany.de\/en\/wp-json\/wp\/v2\/pages"}],"about":[{"href":"https:\/\/www.piper-germany.de\/en\/wp-json\/wp\/v2\/types\/page"}],"author":[{"embeddable":true,"href":"https:\/\/www.piper-germany.de\/en\/wp-json\/wp\/v2\/users\/1"}],"replies":[{"embeddable":true,"href":"https:\/\/www.piper-germany.de\/en\/wp-json\/wp\/v2\/comments?post=14646"}],"version-history":[{"count":45,"href":"https:\/\/www.piper-germany.de\/en\/wp-json\/wp\/v2\/pages\/14646\/revisions"}],"predecessor-version":[{"id":20872,"href":"https:\/\/www.piper-germany.de\/en\/wp-json\/wp\/v2\/pages\/14646\/revisions\/20872"}],"wp:attachment":[{"href":"https:\/\/www.piper-germany.de\/en\/wp-json\/wp\/v2\/media?parent=14646"}],"curies":[{"name":"wp","href":"https:\/\/api.w.org\/{rel}","templated":true}]}}